{"id":411,"date":"2019-09-19T08:13:03","date_gmt":"2019-09-19T08:13:03","guid":{"rendered":"https:\/\/fransbrood.com\/group\/faso-danse-theatre\/"},"modified":"2025-11-25T15:16:07","modified_gmt":"2025-11-25T14:16:07","slug":"faso-danse-theatre","status":"publish","type":"group","link":"https:\/\/fransbrood.com\/fr\/groups\/faso-danse-theatre\/","title":{"rendered":"Serge Aim\u00e9 Coulibaly"},"content":{"rendered":"\n<p><strong><em>Serge Aim\u00e9 Coulibaly: \u00ab\u00a0On n&rsquo;est pas oblig\u00e9 d&rsquo;\u00eatre sombre pour pouvoir changer les choses.\u00a0\u00bb<\/em><\/strong><\/p>\n\n\n\n<p><em>\u201cSerge Aim\u00e9 Coulibaly est l\u2019un des chor\u00e9graphes les plus engag\u00e9s de sa g\u00e9n\u00e9ration qui prom\u00e8ne sur le monde un regard aiguis\u00e9 et bienveillant pour nourrir une danse qui puise \u00e0 toutes les sources.\u201d<br>\u2013&nbsp;<\/em>La Biennale de la Danse Lyon \u2013<\/p>\n\n\n\n<p>Faso Danse Th\u00e9\u00e2tre a \u00e9t\u00e9 fond\u00e9e en 2002 par <strong>Serge Aim\u00e9 Coulibaly<\/strong>. <br>A travers toutes ses cr\u00e9ations le chor\u00e9graphe burkinab\u00e9, install\u00e9 \u00e0 Bruxelles, Serge Aim\u00e9 Coulibaly explore des th\u00e8mes complexes dans le but d\u2019impulser une v\u00e9ritable dynamique positive.<\/p>\n\n\n\n<p>Son inspiration est enracin\u00e9e dans la culture africaine et son art est engag\u00e9 dans le besoin d&rsquo;une danse contemporaine, puissante, ancr\u00e9e dans l&rsquo;\u00e9motion mais toujours porteuse de r\u00e9flexion et d&rsquo;espoir. Son expression forte le rend universel et se fait entendre sur diff\u00e9rents continents. Chaque p\u00e9riode de cr\u00e9ation se d\u00e9roule en partie en Afrique et en partie en Europe.<\/p>\n\n\n\n<p>Pour Serge Aim\u00e9 Coulibaly,<strong> la danse est un engagement social<\/strong>. Il questionne la r\u00e9alit\u00e9 quotidienne et les \u00e9volutions sociales et partage cette recherche avec son public. Dans son travail, il examine l&rsquo;interface entre la personnalit\u00e9 et l&rsquo;engagement &#8211; la tension entre ce que l&rsquo;individu vit ou veut dire d&rsquo;une part et ce que l&rsquo;engagement pour un monde meilleur lui impose d&rsquo;autre part. Sur la base de son engagement, il a d\u00e9velopp\u00e9 un processus cr\u00e9atif qui part du principe de la dualit\u00e9. Chaque mouvement qui traverse le corps a un contraire. Chaque forme d&rsquo;\u00e9nergie est accompagn\u00e9e d&rsquo;une seconde forme. Cela am\u00e8ne le corps et l&rsquo;esprit dans un \u00e9tat o\u00f9 l&rsquo;intuition et l&rsquo;urgence prennent le dessus.<\/p>\n\n\n\n<figure class=\"wp-block-embed is-type-video is-provider-vimeo wp-block-embed-vimeo wp-embed-aspect-16-9 wp-has-aspect-ratio\"><div class=\"wp-block-embed__wrapper\">\n<iframe loading=\"lazy\" title=\"ANKATA &amp; PROJECTS\" src=\"https:\/\/player.vimeo.com\/video\/915892810?dnt=1&amp;app_id=122963\" width=\"500\" height=\"281\" frameborder=\"0\" allow=\"autoplay; fullscreen; picture-in-picture; clipboard-write\"><\/iframe>\n<\/div><figcaption class=\"wp-element-caption\">Faso Danse Th\u00e9\u00e2tre (FDT)&nbsp;est inextricablement li\u00e9 \u00e0&nbsp;<strong>ANKATA,<\/strong>  lieu de cr\u00e9ation chor\u00e9graphique unique au Burkina Faso. Dans cette vid\u00e9o, Serge Aim\u00e9 Coulibaly nous en dit plus sur ANKATA et ses projets.<\/figcaption><\/figure>\n\n\n\n<p>Pour en savoir plus sur le fonctionnement d&rsquo;ANKATA, cliquez ici:<\/p>\n\n\n\n<div class=\"wp-block-file\"><a id=\"wp-block-file--media-4fe963df-b41a-4c88-b94e-378dee02045a\" href=\"https:\/\/fransbrood.com\/wp-content\/uploads\/2024\/03\/Ankata-presentation-et-video_promo-2024_DEF-2.docx\">Ankata-presentation-et-video_promo-2024_DEF-2<\/a><a href=\"https:\/\/fransbrood.com\/wp-content\/uploads\/2024\/03\/Ankata-presentation-et-video_promo-2024_DEF-2.docx\" class=\"wp-block-file__button wp-element-button\" download aria-describedby=\"wp-block-file--media-4fe963df-b41a-4c88-b94e-378dee02045a\">Downloaden<\/a><\/div>\n\n\n\n<p>Serge Aim\u00e9 Coulibaly re\u00e7oit le <strong>Prix d&rsquo;honneur<\/strong> par Alain Platel lors de la c\u00e9r\u00e9monie des Golden Afro Artistic Awards 2020. <a href=\"https:\/\/vimeo.com\/465341000\">Voir la vid\u00e9o ici.\u00a0<\/a><\/p>\n","protected":false},"featured_media":17448,"parent":0,"template":"","class_list":["post-411","group","type-group","status-publish","has-post-thumbnail","hentry"],"acf":[],"yoast_head":"<!-- This site is optimized with the Yoast SEO plugin v27.5 - https:\/\/yoast.com\/product\/yoast-seo-wordpress\/ -->\n<title>Serge Aim\u00e9 Coulibaly - Frans Brood Productions<\/title>\n<meta name=\"robots\" content=\"index, follow, max-snippet:-1, max-image-preview:large, max-video-preview:-1\" \/>\n<link rel=\"canonical\" href=\"https:\/\/fransbrood.com\/fr\/groups\/faso-danse-theatre\/\" \/>\n<meta property=\"og:locale\" content=\"fr_FR\" \/>\n<meta property=\"og:type\" content=\"article\" \/>\n<meta property=\"og:title\" content=\"Serge Aim\u00e9 Coulibaly - Frans Brood Productions\" \/>\n<meta property=\"og:description\" content=\"Serge Aim\u00e9 Coulibaly: \u00ab\u00a0On n&rsquo;est pas oblig\u00e9 d&rsquo;\u00eatre sombre pour pouvoir changer les choses.\u00a0\u00bb \u201cSerge Aim\u00e9 Coulibaly est l\u2019un des chor\u00e9graphes les plus engag\u00e9s de sa g\u00e9n\u00e9ration qui prom\u00e8ne sur le monde un regard aiguis\u00e9 et bienveillant pour nourrir une danse qui puise \u00e0 toutes les sources.\u201d\u2013&nbsp;La Biennale de la Danse Lyon \u2013 Faso Danse &hellip; Suite\" \/>\n<meta property=\"og:url\" content=\"https:\/\/fransbrood.com\/fr\/groups\/faso-danse-theatre\/\" \/>\n<meta property=\"og:site_name\" content=\"Frans Brood Productions\" \/>\n<meta property=\"article:modified_time\" content=\"2025-11-25T14:16:07+00:00\" \/>\n<meta property=\"og:image\" content=\"https:\/\/fransbrood.com\/wp-content\/uploads\/2019\/09\/Portrait_prefere-SA-1.jpg\" \/>\n\t<meta property=\"og:image:width\" content=\"1600\" \/>\n\t<meta property=\"og:image:height\" content=\"1600\" \/>\n\t<meta property=\"og:image:type\" content=\"image\/jpeg\" \/>\n<meta name=\"twitter:card\" content=\"summary_large_image\" \/>\n<meta name=\"twitter:label1\" content=\"Dur\u00e9e de lecture estim\u00e9e\" \/>\n\t<meta name=\"twitter:data1\" content=\"2 minutes\" \/>\n<script type=\"application\/ld+json\" class=\"yoast-schema-graph\">{\"@context\":\"https:\\\/\\\/schema.org\",\"@graph\":[{\"@type\":\"WebPage\",\"@id\":\"https:\\\/\\\/fransbrood.com\\\/fr\\\/groups\\\/faso-danse-theatre\\\/\",\"url\":\"https:\\\/\\\/fransbrood.com\\\/fr\\\/groups\\\/faso-danse-theatre\\\/\",\"name\":\"Serge Aim\u00e9 Coulibaly - Frans Brood Productions\",\"isPartOf\":{\"@id\":\"https:\\\/\\\/fransbrood.com\\\/fr\\\/#website\"},\"primaryImageOfPage\":{\"@id\":\"https:\\\/\\\/fransbrood.com\\\/fr\\\/groups\\\/faso-danse-theatre\\\/#primaryimage\"},\"image\":{\"@id\":\"https:\\\/\\\/fransbrood.com\\\/fr\\\/groups\\\/faso-danse-theatre\\\/#primaryimage\"},\"thumbnailUrl\":\"https:\\\/\\\/fransbrood.com\\\/wp-content\\\/uploads\\\/2019\\\/09\\\/Portrait_prefere-SA-1.jpg\",\"datePublished\":\"2019-09-19T08:13:03+00:00\",\"dateModified\":\"2025-11-25T14:16:07+00:00\",\"breadcrumb\":{\"@id\":\"https:\\\/\\\/fransbrood.com\\\/fr\\\/groups\\\/faso-danse-theatre\\\/#breadcrumb\"},\"inLanguage\":\"fr-FR\",\"potentialAction\":[{\"@type\":\"ReadAction\",\"target\":[\"https:\\\/\\\/fransbrood.com\\\/fr\\\/groups\\\/faso-danse-theatre\\\/\"]}]},{\"@type\":\"ImageObject\",\"inLanguage\":\"fr-FR\",\"@id\":\"https:\\\/\\\/fransbrood.com\\\/fr\\\/groups\\\/faso-danse-theatre\\\/#primaryimage\",\"url\":\"https:\\\/\\\/fransbrood.com\\\/wp-content\\\/uploads\\\/2019\\\/09\\\/Portrait_prefere-SA-1.jpg\",\"contentUrl\":\"https:\\\/\\\/fransbrood.com\\\/wp-content\\\/uploads\\\/2019\\\/09\\\/Portrait_prefere-SA-1.jpg\",\"width\":1600,\"height\":1600},{\"@type\":\"BreadcrumbList\",\"@id\":\"https:\\\/\\\/fransbrood.com\\\/fr\\\/groups\\\/faso-danse-theatre\\\/#breadcrumb\",\"itemListElement\":[{\"@type\":\"ListItem\",\"position\":1,\"name\":\"Home\",\"item\":\"https:\\\/\\\/fransbrood.com\\\/fr\\\/\"},{\"@type\":\"ListItem\",\"position\":2,\"name\":\"Groups\",\"item\":\"https:\\\/\\\/fransbrood.com\\\/fr\\\/groups\\\/\"},{\"@type\":\"ListItem\",\"position\":3,\"name\":\"Serge Aim\u00e9 Coulibaly\"}]},{\"@type\":\"WebSite\",\"@id\":\"https:\\\/\\\/fransbrood.com\\\/fr\\\/#website\",\"url\":\"https:\\\/\\\/fransbrood.com\\\/fr\\\/\",\"name\":\"Frans Brood Productions\",\"description\":\"\",\"potentialAction\":[{\"@type\":\"SearchAction\",\"target\":{\"@type\":\"EntryPoint\",\"urlTemplate\":\"https:\\\/\\\/fransbrood.com\\\/fr\\\/?s={search_term_string}\"},\"query-input\":{\"@type\":\"PropertyValueSpecification\",\"valueRequired\":true,\"valueName\":\"search_term_string\"}}],\"inLanguage\":\"fr-FR\"}]}<\/script>\n<!-- \/ Yoast SEO plugin. -->","yoast_head_json":{"title":"Serge Aim\u00e9 Coulibaly - Frans Brood Productions","robots":{"index":"index","follow":"follow","max-snippet":"max-snippet:-1","max-image-preview":"max-image-preview:large","max-video-preview":"max-video-preview:-1"},"canonical":"https:\/\/fransbrood.com\/fr\/groups\/faso-danse-theatre\/","og_locale":"fr_FR","og_type":"article","og_title":"Serge Aim\u00e9 Coulibaly - Frans Brood Productions","og_description":"Serge Aim\u00e9 Coulibaly: \u00ab\u00a0On n&rsquo;est pas oblig\u00e9 d&rsquo;\u00eatre sombre pour pouvoir changer les choses.\u00a0\u00bb \u201cSerge Aim\u00e9 Coulibaly est l\u2019un des chor\u00e9graphes les plus engag\u00e9s de sa g\u00e9n\u00e9ration qui prom\u00e8ne sur le monde un regard aiguis\u00e9 et bienveillant pour nourrir une danse qui puise \u00e0 toutes les sources.\u201d\u2013&nbsp;La Biennale de la Danse Lyon \u2013 Faso Danse &hellip; Suite","og_url":"https:\/\/fransbrood.com\/fr\/groups\/faso-danse-theatre\/","og_site_name":"Frans Brood Productions","article_modified_time":"2025-11-25T14:16:07+00:00","og_image":[{"width":1600,"height":1600,"url":"https:\/\/fransbrood.com\/wp-content\/uploads\/2019\/09\/Portrait_prefere-SA-1.jpg","type":"image\/jpeg"}],"twitter_card":"summary_large_image","twitter_misc":{"Dur\u00e9e de lecture estim\u00e9e":"2 minutes"},"schema":{"@context":"https:\/\/schema.org","@graph":[{"@type":"WebPage","@id":"https:\/\/fransbrood.com\/fr\/groups\/faso-danse-theatre\/","url":"https:\/\/fransbrood.com\/fr\/groups\/faso-danse-theatre\/","name":"Serge Aim\u00e9 Coulibaly - Frans Brood Productions","isPartOf":{"@id":"https:\/\/fransbrood.com\/fr\/#website"},"primaryImageOfPage":{"@id":"https:\/\/fransbrood.com\/fr\/groups\/faso-danse-theatre\/#primaryimage"},"image":{"@id":"https:\/\/fransbrood.com\/fr\/groups\/faso-danse-theatre\/#primaryimage"},"thumbnailUrl":"https:\/\/fransbrood.com\/wp-content\/uploads\/2019\/09\/Portrait_prefere-SA-1.jpg","datePublished":"2019-09-19T08:13:03+00:00","dateModified":"2025-11-25T14:16:07+00:00","breadcrumb":{"@id":"https:\/\/fransbrood.com\/fr\/groups\/faso-danse-theatre\/#breadcrumb"},"inLanguage":"fr-FR","potentialAction":[{"@type":"ReadAction","target":["https:\/\/fransbrood.com\/fr\/groups\/faso-danse-theatre\/"]}]},{"@type":"ImageObject","inLanguage":"fr-FR","@id":"https:\/\/fransbrood.com\/fr\/groups\/faso-danse-theatre\/#primaryimage","url":"https:\/\/fransbrood.com\/wp-content\/uploads\/2019\/09\/Portrait_prefere-SA-1.jpg","contentUrl":"https:\/\/fransbrood.com\/wp-content\/uploads\/2019\/09\/Portrait_prefere-SA-1.jpg","width":1600,"height":1600},{"@type":"BreadcrumbList","@id":"https:\/\/fransbrood.com\/fr\/groups\/faso-danse-theatre\/#breadcrumb","itemListElement":[{"@type":"ListItem","position":1,"name":"Home","item":"https:\/\/fransbrood.com\/fr\/"},{"@type":"ListItem","position":2,"name":"Groups","item":"https:\/\/fransbrood.com\/fr\/groups\/"},{"@type":"ListItem","position":3,"name":"Serge Aim\u00e9 Coulibaly"}]},{"@type":"WebSite","@id":"https:\/\/fransbrood.com\/fr\/#website","url":"https:\/\/fransbrood.com\/fr\/","name":"Frans Brood Productions","description":"","potentialAction":[{"@type":"SearchAction","target":{"@type":"EntryPoint","urlTemplate":"https:\/\/fransbrood.com\/fr\/?s={search_term_string}"},"query-input":{"@type":"PropertyValueSpecification","valueRequired":true,"valueName":"search_term_string"}}],"inLanguage":"fr-FR"}]}},"_links":{"self":[{"href":"https:\/\/fransbrood.com\/fr\/wp-json\/wp\/v2\/group\/411","targetHints":{"allow":["GET"]}}],"collection":[{"href":"https:\/\/fransbrood.com\/fr\/wp-json\/wp\/v2\/group"}],"about":[{"href":"https:\/\/fransbrood.com\/fr\/wp-json\/wp\/v2\/types\/group"}],"version-history":[{"count":6,"href":"https:\/\/fransbrood.com\/fr\/wp-json\/wp\/v2\/group\/411\/revisions"}],"predecessor-version":[{"id":18172,"href":"https:\/\/fransbrood.com\/fr\/wp-json\/wp\/v2\/group\/411\/revisions\/18172"}],"wp:featuredmedia":[{"embeddable":true,"href":"https:\/\/fransbrood.com\/fr\/wp-json\/wp\/v2\/media\/17448"}],"wp:attachment":[{"href":"https:\/\/fransbrood.com\/fr\/wp-json\/wp\/v2\/media?parent=411"}],"curies":[{"name":"wp","href":"https:\/\/api.w.org\/{rel}","templated":true}]}}