{"id":17952,"date":"2025-10-02T11:14:27","date_gmt":"2025-10-02T09:14:27","guid":{"rendered":"https:\/\/fransbrood.com\/?post_type=production&#038;p=17952"},"modified":"2026-02-25T13:31:39","modified_gmt":"2026-02-25T12:31:39","slug":"le-salon-revisite","status":"publish","type":"production","link":"https:\/\/fransbrood.com\/fr\/productions\/le-salon-revisite\/","title":{"rendered":"Le Salon revisit\u00e9"},"content":{"rendered":"\n<p>Au coeur de <em>Le Salon<\/em> se trouve l&rsquo;image <strong>d&rsquo;un salon autrefois magnifique, un espace qui incarne \u00e0 la fois l&rsquo;h\u00e9ritage et le d\u00e9clin.<\/strong> Ce qui \u00e9tait autrefois un sanctuaire de raffinement et de richesse est devenu un lieu d&rsquo;\u00e9rosion, o\u00f9 la grandeur glisse vers l&rsquo;absurdit\u00e9 et o\u00f9 la dignit\u00e9 s&rsquo;effondre sous le poids du temps. Le grand-p\u00e8re aristocratique, autrefois pilier de la famille, lutte pour pr\u00e9server les apparences, mais son contr\u00f4le vacillant sur sa maison, son corps et son esprit refl\u00e8te le monde qui s&rsquo;effondre autour de lui.<\/p>\n\n\n\n<p>Cette oeuvre s&rsquo;inspire <strong>du film <em>Le Salon de Musique<\/em> de Satyajit Ray<\/strong>, approfondissant ainsi son h\u00e9ritage culturel. Tout comme ce film \u00e9voquait le cr\u00e9puscule d&rsquo;une aristocratie indienne confront\u00e9e \u00e0 la modernit\u00e9, Le Salon transpose ce m\u00eame sentiment de d\u00e9clin.<\/p>\n\n\n\n<p>Cr\u00e9\u00e9 collectivement par les interpr\u00e8tes, <strong><em>Le Salon<\/em> a fait le tour du monde de 2004 \u00e0 2009<\/strong>. Il a \u00e9t\u00e9 pr\u00e9sent\u00e9 en Europe, en Cor\u00e9e du Sud et en Australie, o\u00f9 il a captiv\u00e9 le public par son m\u00e9lange singulier de th\u00e9\u00e2tralit\u00e9, de performance physique et de commentaires sociaux acerbes. Comme le dit si bien une critique du Quimper : <em>\u00ab Dans ce salon qui se pr\u00e9sente comme le miroir de nos<\/em> <em>vies&#8230; \u00bb<\/em>, <em>Le Salon<\/em> montre les \u00e9chos fantomatiques de la d\u00e9cadence dans des familles en apparence ordinaires. La pi\u00e8ce refl\u00e8te non seulement la perte et le vieillissement, mais aussi les divisions internes qui surgissent lorsque la tradition, la richesse et les relations familiales sont mises \u00e0 rude \u00e9preuve. Pour de nombreux spectateurs, elle est devenue une exp\u00e9rience marquante, une oeuvre qui a continu\u00e9 \u00e0 les hanter longtemps apr\u00e8s la tomb\u00e9e du rideau.<\/p>\n\n\n\n<p><strong>Pr\u00e8s de deux d\u00e9cennies plus tard<\/strong>, nous revenons \u00e0 <em>Le Salon<\/em>, non pas simplement pour le remonter, mais pour le r\u00e9inventer. Cette reprise reconna\u00eet la pertinence durable de la pi\u00e8ce tout en permettant \u00e0 de nouvelles g\u00e9n\u00e9rations d&rsquo;artistes et de spectateurs de se pencher sur les questions qu&rsquo;elle soul\u00e8ve. Que signifie le d\u00e9clin dans notre monde contemporain ? Comment les familles, les nations et les individus font-ils face \u00e0 l&rsquo;\u00e9rosion de leurs certitudes ? Et comment le th\u00e9\u00e2tre lui-m\u00eame peut-il servir d&rsquo;espace de r\u00e9flexion sur la m\u00e9moire, la perte et le renouveau ?<\/p>\n\n\n\n<p><em>Le Salon revisit\u00e9<\/em> sera cr\u00e9\u00e9 et interpr\u00e9t\u00e9 par un nouveau groupe de cinq artistes, trois danseurs, un chanteur et un com\u00e9dien. Sous la direction de Franck Chartier et Gabriela Carrizo.<\/p>\n\n\n\n<p><\/p>\n","protected":false},"featured_media":17938,"parent":0,"template":"","production_location":[],"production_type":[],"class_list":["post-17952","production","type-production","status-publish","has-post-thumbnail","hentry"],"acf":[],"yoast_head":"<!-- This site is optimized with the Yoast SEO plugin v27.5 - https:\/\/yoast.com\/product\/yoast-seo-wordpress\/ -->\n<title>Le Salon revisit\u00e9 - Frans Brood Productions<\/title>\n<meta name=\"robots\" content=\"index, follow, max-snippet:-1, max-image-preview:large, max-video-preview:-1\" \/>\n<link rel=\"canonical\" href=\"https:\/\/fransbrood.com\/fr\/productions\/le-salon-revisite\/\" \/>\n<meta property=\"og:locale\" content=\"fr_FR\" \/>\n<meta property=\"og:type\" content=\"article\" \/>\n<meta property=\"og:title\" content=\"Le Salon revisit\u00e9 - Frans Brood Productions\" \/>\n<meta property=\"og:description\" content=\"Au coeur de Le Salon se trouve l&rsquo;image d&rsquo;un salon autrefois magnifique, un espace qui incarne \u00e0 la fois l&rsquo;h\u00e9ritage et le d\u00e9clin. Ce qui \u00e9tait autrefois un sanctuaire de raffinement et de richesse est devenu un lieu d&rsquo;\u00e9rosion, o\u00f9 la grandeur glisse vers l&rsquo;absurdit\u00e9 et o\u00f9 la dignit\u00e9 s&rsquo;effondre sous le poids du temps. &hellip; Suite\" \/>\n<meta property=\"og:url\" content=\"https:\/\/fransbrood.com\/fr\/productions\/le-salon-revisite\/\" \/>\n<meta property=\"og:site_name\" content=\"Frans Brood Productions\" \/>\n<meta property=\"article:modified_time\" content=\"2026-02-25T12:31:39+00:00\" \/>\n<meta property=\"og:image\" content=\"https:\/\/fransbrood.com\/wp-content\/uploads\/2025\/10\/Le-Salon-2004-\u00a9-Peeping-Tom-Marc-Deganck.jpg\" \/>\n\t<meta property=\"og:image:width\" content=\"2953\" \/>\n\t<meta property=\"og:image:height\" content=\"1890\" \/>\n\t<meta property=\"og:image:type\" content=\"image\/jpeg\" \/>\n<meta name=\"twitter:card\" content=\"summary_large_image\" \/>\n<meta name=\"twitter:label1\" content=\"Dur\u00e9e de lecture estim\u00e9e\" \/>\n\t<meta name=\"twitter:data1\" content=\"3 minutes\" \/>\n<script type=\"application\/ld+json\" class=\"yoast-schema-graph\">{\"@context\":\"https:\\\/\\\/schema.org\",\"@graph\":[{\"@type\":\"WebPage\",\"@id\":\"https:\\\/\\\/fransbrood.com\\\/fr\\\/productions\\\/le-salon-revisite\\\/\",\"url\":\"https:\\\/\\\/fransbrood.com\\\/fr\\\/productions\\\/le-salon-revisite\\\/\",\"name\":\"Le Salon revisit\u00e9 - Frans Brood Productions\",\"isPartOf\":{\"@id\":\"https:\\\/\\\/fransbrood.com\\\/fr\\\/#website\"},\"primaryImageOfPage\":{\"@id\":\"https:\\\/\\\/fransbrood.com\\\/fr\\\/productions\\\/le-salon-revisite\\\/#primaryimage\"},\"image\":{\"@id\":\"https:\\\/\\\/fransbrood.com\\\/fr\\\/productions\\\/le-salon-revisite\\\/#primaryimage\"},\"thumbnailUrl\":\"https:\\\/\\\/fransbrood.com\\\/wp-content\\\/uploads\\\/2025\\\/10\\\/Le-Salon-2004-\u00a9-Peeping-Tom-Marc-Deganck.jpg\",\"datePublished\":\"2025-10-02T09:14:27+00:00\",\"dateModified\":\"2026-02-25T12:31:39+00:00\",\"breadcrumb\":{\"@id\":\"https:\\\/\\\/fransbrood.com\\\/fr\\\/productions\\\/le-salon-revisite\\\/#breadcrumb\"},\"inLanguage\":\"fr-FR\",\"potentialAction\":[{\"@type\":\"ReadAction\",\"target\":[\"https:\\\/\\\/fransbrood.com\\\/fr\\\/productions\\\/le-salon-revisite\\\/\"]}]},{\"@type\":\"ImageObject\",\"inLanguage\":\"fr-FR\",\"@id\":\"https:\\\/\\\/fransbrood.com\\\/fr\\\/productions\\\/le-salon-revisite\\\/#primaryimage\",\"url\":\"https:\\\/\\\/fransbrood.com\\\/wp-content\\\/uploads\\\/2025\\\/10\\\/Le-Salon-2004-\u00a9-Peeping-Tom-Marc-Deganck.jpg\",\"contentUrl\":\"https:\\\/\\\/fransbrood.com\\\/wp-content\\\/uploads\\\/2025\\\/10\\\/Le-Salon-2004-\u00a9-Peeping-Tom-Marc-Deganck.jpg\",\"width\":2953,\"height\":1890},{\"@type\":\"BreadcrumbList\",\"@id\":\"https:\\\/\\\/fransbrood.com\\\/fr\\\/productions\\\/le-salon-revisite\\\/#breadcrumb\",\"itemListElement\":[{\"@type\":\"ListItem\",\"position\":1,\"name\":\"Home\",\"item\":\"https:\\\/\\\/fransbrood.com\\\/fr\\\/\"},{\"@type\":\"ListItem\",\"position\":2,\"name\":\"Productions\",\"item\":\"https:\\\/\\\/fransbrood.com\\\/producties\\\/\"},{\"@type\":\"ListItem\",\"position\":3,\"name\":\"Le Salon revisit\u00e9\"}]},{\"@type\":\"WebSite\",\"@id\":\"https:\\\/\\\/fransbrood.com\\\/fr\\\/#website\",\"url\":\"https:\\\/\\\/fransbrood.com\\\/fr\\\/\",\"name\":\"Frans Brood Productions\",\"description\":\"\",\"potentialAction\":[{\"@type\":\"SearchAction\",\"target\":{\"@type\":\"EntryPoint\",\"urlTemplate\":\"https:\\\/\\\/fransbrood.com\\\/fr\\\/?s={search_term_string}\"},\"query-input\":{\"@type\":\"PropertyValueSpecification\",\"valueRequired\":true,\"valueName\":\"search_term_string\"}}],\"inLanguage\":\"fr-FR\"}]}<\/script>\n<!-- \/ Yoast SEO plugin. -->","yoast_head_json":{"title":"Le Salon revisit\u00e9 - Frans Brood Productions","robots":{"index":"index","follow":"follow","max-snippet":"max-snippet:-1","max-image-preview":"max-image-preview:large","max-video-preview":"max-video-preview:-1"},"canonical":"https:\/\/fransbrood.com\/fr\/productions\/le-salon-revisite\/","og_locale":"fr_FR","og_type":"article","og_title":"Le Salon revisit\u00e9 - Frans Brood Productions","og_description":"Au coeur de Le Salon se trouve l&rsquo;image d&rsquo;un salon autrefois magnifique, un espace qui incarne \u00e0 la fois l&rsquo;h\u00e9ritage et le d\u00e9clin. Ce qui \u00e9tait autrefois un sanctuaire de raffinement et de richesse est devenu un lieu d&rsquo;\u00e9rosion, o\u00f9 la grandeur glisse vers l&rsquo;absurdit\u00e9 et o\u00f9 la dignit\u00e9 s&rsquo;effondre sous le poids du temps. &hellip; Suite","og_url":"https:\/\/fransbrood.com\/fr\/productions\/le-salon-revisite\/","og_site_name":"Frans Brood Productions","article_modified_time":"2026-02-25T12:31:39+00:00","og_image":[{"width":2953,"height":1890,"url":"https:\/\/fransbrood.com\/wp-content\/uploads\/2025\/10\/Le-Salon-2004-\u00a9-Peeping-Tom-Marc-Deganck.jpg","type":"image\/jpeg"}],"twitter_card":"summary_large_image","twitter_misc":{"Dur\u00e9e de lecture estim\u00e9e":"3 minutes"},"schema":{"@context":"https:\/\/schema.org","@graph":[{"@type":"WebPage","@id":"https:\/\/fransbrood.com\/fr\/productions\/le-salon-revisite\/","url":"https:\/\/fransbrood.com\/fr\/productions\/le-salon-revisite\/","name":"Le Salon revisit\u00e9 - Frans Brood Productions","isPartOf":{"@id":"https:\/\/fransbrood.com\/fr\/#website"},"primaryImageOfPage":{"@id":"https:\/\/fransbrood.com\/fr\/productions\/le-salon-revisite\/#primaryimage"},"image":{"@id":"https:\/\/fransbrood.com\/fr\/productions\/le-salon-revisite\/#primaryimage"},"thumbnailUrl":"https:\/\/fransbrood.com\/wp-content\/uploads\/2025\/10\/Le-Salon-2004-\u00a9-Peeping-Tom-Marc-Deganck.jpg","datePublished":"2025-10-02T09:14:27+00:00","dateModified":"2026-02-25T12:31:39+00:00","breadcrumb":{"@id":"https:\/\/fransbrood.com\/fr\/productions\/le-salon-revisite\/#breadcrumb"},"inLanguage":"fr-FR","potentialAction":[{"@type":"ReadAction","target":["https:\/\/fransbrood.com\/fr\/productions\/le-salon-revisite\/"]}]},{"@type":"ImageObject","inLanguage":"fr-FR","@id":"https:\/\/fransbrood.com\/fr\/productions\/le-salon-revisite\/#primaryimage","url":"https:\/\/fransbrood.com\/wp-content\/uploads\/2025\/10\/Le-Salon-2004-\u00a9-Peeping-Tom-Marc-Deganck.jpg","contentUrl":"https:\/\/fransbrood.com\/wp-content\/uploads\/2025\/10\/Le-Salon-2004-\u00a9-Peeping-Tom-Marc-Deganck.jpg","width":2953,"height":1890},{"@type":"BreadcrumbList","@id":"https:\/\/fransbrood.com\/fr\/productions\/le-salon-revisite\/#breadcrumb","itemListElement":[{"@type":"ListItem","position":1,"name":"Home","item":"https:\/\/fransbrood.com\/fr\/"},{"@type":"ListItem","position":2,"name":"Productions","item":"https:\/\/fransbrood.com\/producties\/"},{"@type":"ListItem","position":3,"name":"Le Salon revisit\u00e9"}]},{"@type":"WebSite","@id":"https:\/\/fransbrood.com\/fr\/#website","url":"https:\/\/fransbrood.com\/fr\/","name":"Frans Brood Productions","description":"","potentialAction":[{"@type":"SearchAction","target":{"@type":"EntryPoint","urlTemplate":"https:\/\/fransbrood.com\/fr\/?s={search_term_string}"},"query-input":{"@type":"PropertyValueSpecification","valueRequired":true,"valueName":"search_term_string"}}],"inLanguage":"fr-FR"}]}},"_links":{"self":[{"href":"https:\/\/fransbrood.com\/fr\/wp-json\/wp\/v2\/production\/17952","targetHints":{"allow":["GET"]}}],"collection":[{"href":"https:\/\/fransbrood.com\/fr\/wp-json\/wp\/v2\/production"}],"about":[{"href":"https:\/\/fransbrood.com\/fr\/wp-json\/wp\/v2\/types\/production"}],"version-history":[{"count":1,"href":"https:\/\/fransbrood.com\/fr\/wp-json\/wp\/v2\/production\/17952\/revisions"}],"predecessor-version":[{"id":17956,"href":"https:\/\/fransbrood.com\/fr\/wp-json\/wp\/v2\/production\/17952\/revisions\/17956"}],"wp:featuredmedia":[{"embeddable":true,"href":"https:\/\/fransbrood.com\/fr\/wp-json\/wp\/v2\/media\/17938"}],"wp:attachment":[{"href":"https:\/\/fransbrood.com\/fr\/wp-json\/wp\/v2\/media?parent=17952"}],"wp:term":[{"taxonomy":"production_location","embeddable":true,"href":"https:\/\/fransbrood.com\/fr\/wp-json\/wp\/v2\/production_location?post=17952"},{"taxonomy":"production_type","embeddable":true,"href":"https:\/\/fransbrood.com\/fr\/wp-json\/wp\/v2\/production_type?post=17952"}],"curies":[{"name":"wp","href":"https:\/\/api.w.org\/{rel}","templated":true}]}}